{"id":964,"date":"2025-02-19T12:17:06","date_gmt":"2025-02-19T11:17:06","guid":{"rendered":"https:\/\/annapratbrand.com\/sobre-nosaltres\/"},"modified":"2025-10-16T21:36:24","modified_gmt":"2025-10-16T19:36:24","slug":"sobre-nosaltres","status":"publish","type":"page","link":"https:\/\/annapratbrand.com\/ca\/sobre-nosaltres\/","title":{"rendered":"SOBRE NOSALTRES"},"content":{"rendered":"<p>[et_pb_section fb_built=&#8221;1&#8243; _builder_version=&#8221;4.27.4&#8243; _module_preset=&#8221;default&#8221; background_color=&#8221;#000000&#8243; width=&#8221;100%&#8221; max_width=&#8221;100%&#8221; custom_padding=&#8221;||89px|||&#8221; global_colors_info=&#8221;{}&#8221;][et_pb_row _builder_version=&#8221;4.23&#8243; _module_preset=&#8221;default&#8221; custom_padding=&#8221;66px||19px|||&#8221; global_colors_info=&#8221;{}&#8221;][et_pb_column type=&#8221;4_4&#8243; _builder_version=&#8221;4.23&#8243; _module_preset=&#8221;default&#8221; global_colors_info=&#8221;{}&#8221;][et_pb_text _builder_version=&#8221;4.27.4&#8243; _module_preset=&#8221;default&#8221; custom_margin=&#8221;||-6px|||&#8221; global_colors_info=&#8221;{}&#8221;]<\/p>\n<h1 style=\"text-align: center;\"><span style=\"color: #ffffff;\"><strong>SOBRE NOSALTRES<\/strong><\/span><\/h1>\n<p>[\/et_pb_text][\/et_pb_column][\/et_pb_row][\/et_pb_section][et_pb_section fb_built=&#8221;1&#8243; _builder_version=&#8221;4.23&#8243; _module_preset=&#8221;default&#8221; width=&#8221;100%&#8221; max_width=&#8221;100%&#8221; global_colors_info=&#8221;{}&#8221;][et_pb_row column_structure=&#8221;2_5,3_5&#8243; _builder_version=&#8221;4.23&#8243; _module_preset=&#8221;default&#8221; custom_padding=&#8221;60px||3px|||&#8221; global_colors_info=&#8221;{}&#8221;][et_pb_column type=&#8221;2_5&#8243; _builder_version=&#8221;4.23&#8243; _module_preset=&#8221;default&#8221; global_colors_info=&#8221;{}&#8221;][et_pb_image src=&#8221;https:\/\/annapratbrand.com\/wp-content\/uploads\/2025\/04\/MG_2086.jpg.webp&#8221; title_text=&#8221;_MG_2086&#8243; _builder_version=&#8221;4.23&#8243; _module_preset=&#8221;default&#8221; custom_margin=&#8221;||-2px|||&#8221; custom_padding=&#8221;||0px|||&#8221; global_colors_info=&#8221;{}&#8221;][\/et_pb_image][et_pb_text _builder_version=&#8221;4.27.4&#8243; _module_preset=&#8221;default&#8221; custom_margin=&#8221;29px|||||&#8221; global_colors_info=&#8221;{}&#8221;]<\/p>\n<h3 style=\"text-align: center;\"><strong><span style=\"color: #808080;\">AUTENTICITAT,<\/span> <span style=\"color: #808080;\">IL\u00b7LUSI\u00d3<\/span><\/strong><\/h3>\n<p>[\/et_pb_text][\/et_pb_column][et_pb_column type=&#8221;3_5&#8243; _builder_version=&#8221;4.23&#8243; _module_preset=&#8221;default&#8221; global_colors_info=&#8221;{}&#8221;][et_pb_text _builder_version=&#8221;4.27.4&#8243; _module_preset=&#8221;default&#8221; custom_margin=&#8221;||7px|||&#8221; global_colors_info=&#8221;{}&#8221;]<\/p>\n<h2><strong>ANNA PRAT PERSONAL BRAND<\/strong><\/h2>\n<p>[\/et_pb_text][et_pb_text _builder_version=&#8221;4.27.4&#8243; _module_preset=&#8221;default&#8221; custom_margin=&#8221;|||-2px||&#8221; custom_padding=&#8221;|||0px||&#8221; global_colors_info=&#8221;{}&#8221;]<\/p>\n<p>Nova signatura de moda femenina per a dones madures i segures de si mateixes.  <span style=\"color: #000000;\">Per a dones reals i aut\u00e8ntiques que marquen difer\u00e8ncia.<\/span><\/p>\n<p>[\/et_pb_text][et_pb_text _builder_version=&#8221;4.27.4&#8243; _module_preset=&#8221;default&#8221; custom_padding=&#8221;||||false|false&#8221; global_colors_info=&#8221;{}&#8221;]<\/p>\n<p><strong>Totes les dones s\u00f3n belles.<\/strong><\/p>\n<p>[\/et_pb_text][et_pb_text _builder_version=&#8221;4.27.4&#8243; _module_preset=&#8221;default&#8221; custom_padding=&#8221;||||false|false&#8221; global_colors_info=&#8221;{}&#8221;]<\/p>\n<p><strong>Totes tenen una cosa que les diferencia, que les fa especials i que poden potenciar amb els nostres dissenys \u00fanics.<\/strong><\/p>\n<p>[\/et_pb_text][et_pb_text _builder_version=&#8221;4.27.4&#8243; _module_preset=&#8221;default&#8221; custom_padding=&#8221;||||false|false&#8221; global_colors_info=&#8221;{}&#8221;]<\/p>\n<p><strong>Cada pe\u00e7a de les nostres col\u00b7leccions \u00e9s vers\u00e0til, com la dona que les porta.<\/strong><\/p>\n<p>[\/et_pb_text][et_pb_text _builder_version=&#8221;4.27.4&#8243; _module_preset=&#8221;default&#8221; custom_padding=&#8221;0px|0px|0px|0px|true|true&#8221; global_colors_info=&#8221;{}&#8221;]<\/p>\n<p>La nostra marca aporta <strong>autenticitat<\/strong> i <strong>il\u00b7lusi\u00f3<\/strong> per vestir-se amb peces de textures suaus, peces atemporals per\u00f2 sempre en tend\u00e8ncia, amb tocs de color, estampats atrevits i molt chics.<\/p>\n<p>Primem l&#8217; <strong>eleg\u00e0ncia<\/strong> i la <strong>feminitat<\/strong> , apostem per peces atemporals amb patrons treballats i diferents.<\/p>\n<p><span style=\"color: #000000;\">  Creem col\u00b7leccions \u00faniques, lliures i sense complexos<\/span><\/p>\n<p>[\/et_pb_text][\/et_pb_column][\/et_pb_row][et_pb_row column_structure=&#8221;1_2,1_2&#8243; _builder_version=&#8221;4.23&#8243; _module_preset=&#8221;default&#8221; custom_margin=&#8221;48px|auto||auto|false|false&#8221; custom_padding=&#8221;31px||||false|false&#8221; border_width_top=&#8221;2px&#8221; global_colors_info=&#8221;{}&#8221;][et_pb_column type=&#8221;1_2&#8243; _builder_version=&#8221;4.23&#8243; _module_preset=&#8221;default&#8221; global_colors_info=&#8221;{}&#8221;][et_pb_text _builder_version=&#8221;4.23&#8243; _module_preset=&#8221;default&#8221; global_colors_info=&#8221;{}&#8221;]<\/p>\n<p>Els nostres signes d&#8217;identitat s\u00f3n la qualitat, el disseny, la passi\u00f3 i l&#8217;exclusivitat.<\/p>\n<p>Col\u00b7lecci\u00f3 dissenyada i confeccionada a tallers locals de Barcelona. Fabricada a Espanya. <\/p>\n<p>Treballem amb alts est\u00e0ndards de qualitat, oferint un tracte personal i proper als nostres clients.<\/p>\n<p>[\/et_pb_text][\/et_pb_column][et_pb_column type=&#8221;1_2&#8243; _builder_version=&#8221;4.23&#8243; _module_preset=&#8221;default&#8221; global_colors_info=&#8221;{}&#8221;][et_pb_text _builder_version=&#8221;4.23&#8243; _module_preset=&#8221;default&#8221; custom_margin=&#8221;-5px|||||&#8221; custom_padding=&#8221;42px||57px|||&#8221; border_width_left=&#8221;2px&#8221; global_colors_info=&#8221;{}&#8221;]<\/p>\n<h2 style=\"text-align: center;\"><strong><span style=\"color: #808080;\">QUALITAT<\/span><\/strong> <strong><span style=\"color: #808080;\">,<\/span><\/strong> DISSENY<\/h2>\n<h2 style=\"text-align: center;\"><strong><span style=\"color: #808080;\">PASSI\u00d3,<\/span><\/strong> <strong><span style=\"color: #808080;\">EXCLUSIVITAT<\/span><\/strong><\/h2>\n<p>[\/et_pb_text][\/et_pb_column][\/et_pb_row][\/et_pb_section]<\/p>\n","protected":false},"excerpt":{"rendered":"<p>SOBRE NOSALTRESAUTENTICITAT, IL\u00b7LUSI\u00d3ANNA PRAT PERSONAL BRANDNova signatura de moda femenina per a dones madures i segures de si mateixes. Per a dones reals i aut\u00e8ntiques que marquen difer\u00e8ncia.Totes les dones s\u00f3n belles.Totes tenen una cosa que les diferencia, que les fa especials i que poden potenciar amb els nostres dissenys \u00fanics.Cada pe\u00e7a de les nostres&hellip; <a class=\"continue\" href=\"https:\/\/annapratbrand.com\/ca\/sobre-nosaltres\/\">Continue Reading<span> SOBRE NOSALTRES<\/span><\/a><\/p>\n","protected":false},"author":2,"featured_media":0,"parent":0,"menu_order":0,"comment_status":"closed","ping_status":"closed","template":"","meta":{"_et_pb_use_builder":"on","_et_pb_old_content":"","_et_gb_content_width":"","footnotes":""},"class_list":["post-964","page","type-page","status-publish","hentry"],"yoast_head":"<!-- This site is optimized with the Yoast SEO plugin v27.5 - https:\/\/yoast.com\/product\/yoast-seo-wordpress\/ -->\n<title>SOBRE NOSALTRES - Anna Prat Personal Brand<\/title>\n<meta name=\"description\" content=\"Coneix la hist\u00f2ria d&#039;Anna Prat i l&#039;equip darrere d&#039;Anna Prat Brand. Creem marques amb \u00e0nima per a professionals i emprenedors que volen deixar empremta des de l&#039;autenticitat.\" \/>\n<meta name=\"robots\" content=\"index, follow, max-snippet:-1, max-image-preview:large, max-video-preview:-1\" \/>\n<link rel=\"canonical\" href=\"https:\/\/annapratbrand.com\/ca\/sobre-nosaltres\/\" \/>\n<meta property=\"og:locale\" content=\"ca_ES\" \/>\n<meta property=\"og:type\" content=\"article\" \/>\n<meta property=\"og:title\" content=\"SOBRE NOSALTRES - Anna Prat Personal Brand\" \/>\n<meta property=\"og:description\" content=\"Coneix la hist\u00f2ria d&#039;Anna Prat i l&#039;equip darrere d&#039;Anna Prat Brand. Creem marques amb \u00e0nima per a professionals i emprenedors que volen deixar empremta des de l&#039;autenticitat.\" \/>\n<meta property=\"og:url\" content=\"https:\/\/annapratbrand.com\/ca\/sobre-nosaltres\/\" \/>\n<meta property=\"og:site_name\" content=\"Anna Prat Personal Brand\" \/>\n<meta property=\"article:publisher\" content=\"https:\/\/www.facebook.com\/people\/Anna-Prat\/61565411204077\/\" \/>\n<meta property=\"article:modified_time\" content=\"2025-10-16T19:36:24+00:00\" \/>\n<meta name=\"twitter:card\" content=\"summary_large_image\" \/>\n<script type=\"application\/ld+json\" class=\"yoast-schema-graph\">{\"@context\":\"https:\\\/\\\/schema.org\",\"@graph\":[{\"@type\":\"WebPage\",\"@id\":\"https:\\\/\\\/annapratbrand.com\\\/ca\\\/sobre-nosaltres\\\/\",\"url\":\"https:\\\/\\\/annapratbrand.com\\\/ca\\\/sobre-nosaltres\\\/\",\"name\":\"SOBRE NOSALTRES - Anna Prat Personal Brand\",\"isPartOf\":{\"@id\":\"https:\\\/\\\/annapratbrand.com\\\/ca\\\/#website\"},\"datePublished\":\"2025-02-19T11:17:06+00:00\",\"dateModified\":\"2025-10-16T19:36:24+00:00\",\"description\":\"Coneix la hist\u00f2ria d'Anna Prat i l'equip darrere d'Anna Prat Brand. Creem marques amb \u00e0nima per a professionals i emprenedors que volen deixar empremta des de l'autenticitat.\",\"breadcrumb\":{\"@id\":\"https:\\\/\\\/annapratbrand.com\\\/ca\\\/sobre-nosaltres\\\/#breadcrumb\"},\"inLanguage\":\"ca\",\"potentialAction\":[{\"@type\":\"ReadAction\",\"target\":[\"https:\\\/\\\/annapratbrand.com\\\/ca\\\/sobre-nosaltres\\\/\"]}]},{\"@type\":\"BreadcrumbList\",\"@id\":\"https:\\\/\\\/annapratbrand.com\\\/ca\\\/sobre-nosaltres\\\/#breadcrumb\",\"itemListElement\":[{\"@type\":\"ListItem\",\"position\":1,\"name\":\"Portada\",\"item\":\"https:\\\/\\\/annapratbrand.com\\\/ca\\\/\"},{\"@type\":\"ListItem\",\"position\":2,\"name\":\"SOBRE NOSALTRES\"}]},{\"@type\":\"WebSite\",\"@id\":\"https:\\\/\\\/annapratbrand.com\\\/ca\\\/#website\",\"url\":\"https:\\\/\\\/annapratbrand.com\\\/ca\\\/\",\"name\":\"Anna Prat Personal Brand\",\"description\":\"Anna Prat Brand\",\"publisher\":{\"@id\":\"https:\\\/\\\/annapratbrand.com\\\/ca\\\/#organization\"},\"potentialAction\":[{\"@type\":\"SearchAction\",\"target\":{\"@type\":\"EntryPoint\",\"urlTemplate\":\"https:\\\/\\\/annapratbrand.com\\\/ca\\\/?s={search_term_string}\"},\"query-input\":{\"@type\":\"PropertyValueSpecification\",\"valueRequired\":true,\"valueName\":\"search_term_string\"}}],\"inLanguage\":\"ca\"},{\"@type\":\"Organization\",\"@id\":\"https:\\\/\\\/annapratbrand.com\\\/ca\\\/#organization\",\"name\":\"Anna Prat Personal Brand\",\"url\":\"https:\\\/\\\/annapratbrand.com\\\/ca\\\/\",\"logo\":{\"@type\":\"ImageObject\",\"inLanguage\":\"ca\",\"@id\":\"https:\\\/\\\/annapratbrand.com\\\/ca\\\/#\\\/schema\\\/logo\\\/image\\\/\",\"url\":\"https:\\\/\\\/annapratbrand.com\\\/wp-content\\\/uploads\\\/2025\\\/04\\\/logo_mes_gran.jpg\",\"contentUrl\":\"https:\\\/\\\/annapratbrand.com\\\/wp-content\\\/uploads\\\/2025\\\/04\\\/logo_mes_gran.jpg\",\"width\":428,\"height\":152,\"caption\":\"Anna Prat Personal Brand\"},\"image\":{\"@id\":\"https:\\\/\\\/annapratbrand.com\\\/ca\\\/#\\\/schema\\\/logo\\\/image\\\/\"},\"sameAs\":[\"https:\\\/\\\/www.facebook.com\\\/people\\\/Anna-Prat\\\/61565411204077\\\/\",\"https:\\\/\\\/www.instagram.com\\\/annapratannananuski\\\/\"]}]}<\/script>\n<!-- \/ Yoast SEO plugin. -->","yoast_head_json":{"title":"SOBRE NOSALTRES - Anna Prat Personal Brand","description":"Coneix la hist\u00f2ria d'Anna Prat i l'equip darrere d'Anna Prat Brand. Creem marques amb \u00e0nima per a professionals i emprenedors que volen deixar empremta des de l'autenticitat.","robots":{"index":"index","follow":"follow","max-snippet":"max-snippet:-1","max-image-preview":"max-image-preview:large","max-video-preview":"max-video-preview:-1"},"canonical":"https:\/\/annapratbrand.com\/ca\/sobre-nosaltres\/","og_locale":"ca_ES","og_type":"article","og_title":"SOBRE NOSALTRES - Anna Prat Personal Brand","og_description":"Coneix la hist\u00f2ria d'Anna Prat i l'equip darrere d'Anna Prat Brand. Creem marques amb \u00e0nima per a professionals i emprenedors que volen deixar empremta des de l'autenticitat.","og_url":"https:\/\/annapratbrand.com\/ca\/sobre-nosaltres\/","og_site_name":"Anna Prat Personal Brand","article_publisher":"https:\/\/www.facebook.com\/people\/Anna-Prat\/61565411204077\/","article_modified_time":"2025-10-16T19:36:24+00:00","twitter_card":"summary_large_image","schema":{"@context":"https:\/\/schema.org","@graph":[{"@type":"WebPage","@id":"https:\/\/annapratbrand.com\/ca\/sobre-nosaltres\/","url":"https:\/\/annapratbrand.com\/ca\/sobre-nosaltres\/","name":"SOBRE NOSALTRES - Anna Prat Personal Brand","isPartOf":{"@id":"https:\/\/annapratbrand.com\/ca\/#website"},"datePublished":"2025-02-19T11:17:06+00:00","dateModified":"2025-10-16T19:36:24+00:00","description":"Coneix la hist\u00f2ria d'Anna Prat i l'equip darrere d'Anna Prat Brand. Creem marques amb \u00e0nima per a professionals i emprenedors que volen deixar empremta des de l'autenticitat.","breadcrumb":{"@id":"https:\/\/annapratbrand.com\/ca\/sobre-nosaltres\/#breadcrumb"},"inLanguage":"ca","potentialAction":[{"@type":"ReadAction","target":["https:\/\/annapratbrand.com\/ca\/sobre-nosaltres\/"]}]},{"@type":"BreadcrumbList","@id":"https:\/\/annapratbrand.com\/ca\/sobre-nosaltres\/#breadcrumb","itemListElement":[{"@type":"ListItem","position":1,"name":"Portada","item":"https:\/\/annapratbrand.com\/ca\/"},{"@type":"ListItem","position":2,"name":"SOBRE NOSALTRES"}]},{"@type":"WebSite","@id":"https:\/\/annapratbrand.com\/ca\/#website","url":"https:\/\/annapratbrand.com\/ca\/","name":"Anna Prat Personal Brand","description":"Anna Prat Brand","publisher":{"@id":"https:\/\/annapratbrand.com\/ca\/#organization"},"potentialAction":[{"@type":"SearchAction","target":{"@type":"EntryPoint","urlTemplate":"https:\/\/annapratbrand.com\/ca\/?s={search_term_string}"},"query-input":{"@type":"PropertyValueSpecification","valueRequired":true,"valueName":"search_term_string"}}],"inLanguage":"ca"},{"@type":"Organization","@id":"https:\/\/annapratbrand.com\/ca\/#organization","name":"Anna Prat Personal Brand","url":"https:\/\/annapratbrand.com\/ca\/","logo":{"@type":"ImageObject","inLanguage":"ca","@id":"https:\/\/annapratbrand.com\/ca\/#\/schema\/logo\/image\/","url":"https:\/\/annapratbrand.com\/wp-content\/uploads\/2025\/04\/logo_mes_gran.jpg","contentUrl":"https:\/\/annapratbrand.com\/wp-content\/uploads\/2025\/04\/logo_mes_gran.jpg","width":428,"height":152,"caption":"Anna Prat Personal Brand"},"image":{"@id":"https:\/\/annapratbrand.com\/ca\/#\/schema\/logo\/image\/"},"sameAs":["https:\/\/www.facebook.com\/people\/Anna-Prat\/61565411204077\/","https:\/\/www.instagram.com\/annapratannananuski\/"]}]}},"_links":{"self":[{"href":"https:\/\/annapratbrand.com\/ca\/wp-json\/wp\/v2\/pages\/964","targetHints":{"allow":["GET"]}}],"collection":[{"href":"https:\/\/annapratbrand.com\/ca\/wp-json\/wp\/v2\/pages"}],"about":[{"href":"https:\/\/annapratbrand.com\/ca\/wp-json\/wp\/v2\/types\/page"}],"author":[{"embeddable":true,"href":"https:\/\/annapratbrand.com\/ca\/wp-json\/wp\/v2\/users\/2"}],"replies":[{"embeddable":true,"href":"https:\/\/annapratbrand.com\/ca\/wp-json\/wp\/v2\/comments?post=964"}],"version-history":[{"count":3,"href":"https:\/\/annapratbrand.com\/ca\/wp-json\/wp\/v2\/pages\/964\/revisions"}],"predecessor-version":[{"id":3745,"href":"https:\/\/annapratbrand.com\/ca\/wp-json\/wp\/v2\/pages\/964\/revisions\/3745"}],"wp:attachment":[{"href":"https:\/\/annapratbrand.com\/ca\/wp-json\/wp\/v2\/media?parent=964"}],"curies":[{"name":"wp","href":"https:\/\/api.w.org\/{rel}","templated":true}]}}